{"id":116,"date":"2019-04-14T15:10:27","date_gmt":"2019-04-14T15:10:27","guid":{"rendered":"http:\/\/rokoko.net\/?page_id=116"},"modified":"2019-04-21T12:41:07","modified_gmt":"2019-04-21T12:41:07","slug":"pour-le-merite","status":"publish","type":"page","link":"http:\/\/rokoko.net\/?page_id=116","title":{"rendered":"Pour le M\u00e9rite"},"content":{"rendered":"<p style=\"text-align: left;\" align=\"center\"><img loading=\"lazy\" decoding=\"async\" class=\"alignnone size-medium wp-image-220\" src=\"http:\/\/rokoko.net\/wp-content\/uploads\/2019\/04\/IMG_3550-1-259x300.jpg\" alt=\"\" width=\"259\" height=\"300\" srcset=\"http:\/\/rokoko.net\/wp-content\/uploads\/2019\/04\/IMG_3550-1-259x300.jpg 259w, http:\/\/rokoko.net\/wp-content\/uploads\/2019\/04\/IMG_3550-1-768x889.jpg 768w, http:\/\/rokoko.net\/wp-content\/uploads\/2019\/04\/IMG_3550-1-885x1024.jpg 885w\" sizes=\"auto, (max-width: 259px) 100vw, 259px\" \/> <img loading=\"lazy\" decoding=\"async\" class=\"alignnone size-medium wp-image-221\" src=\"http:\/\/rokoko.net\/wp-content\/uploads\/2019\/04\/IMG_3552-1-300x300.jpg\" alt=\"\" width=\"300\" height=\"300\" srcset=\"http:\/\/rokoko.net\/wp-content\/uploads\/2019\/04\/IMG_3552-1-300x300.jpg 300w, http:\/\/rokoko.net\/wp-content\/uploads\/2019\/04\/IMG_3552-1-150x150.jpg 150w, http:\/\/rokoko.net\/wp-content\/uploads\/2019\/04\/IMG_3552-1-768x768.jpg 768w, http:\/\/rokoko.net\/wp-content\/uploads\/2019\/04\/IMG_3552-1-1024x1024.jpg 1024w, http:\/\/rokoko.net\/wp-content\/uploads\/2019\/04\/IMG_3552-1-100x100.jpg 100w\" sizes=\"auto, (max-width: 300px) 100vw, 300px\" \/><br \/>\nDer Orden Pour le M\u00e9rite (<a title=\"Deutsche Sprache\" href=\"http:\/\/de.wikipedia.org\/wiki\/Deutsche_Sprache\">dt<\/a>. \u201eF\u00fcr das Verdienst\u201c) wurde von Friedrich dem Gro\u00dfen gestiftet und war neben dem Orden vom Schwarzen Adler die bedeutendste Auszeichnung, die in Preu\u00dfen vergeben werden konnte. Der Orden geht auf den 1667 gestifteten Ordre de la G\u00e9n\u00e9rosit\u00e9 zur\u00fcck.<\/p>\n<p style=\"text-align: left;\" align=\"center\">Den Pour le M\u00e9rite gab es in der milit\u00e4rischen Klasse bis 1918, in der zivilen existiert er als halboffizielle Auszeichnung bis heute mit der Bezeichnung Orden Pour le M\u00e9rite f\u00fcr Wissenschaften und K\u00fcnste als vom Bundespr\u00e4sidenten genehmigtes Ehrenzeichen.<\/p>\n<p style=\"text-align: left;\" align=\"center\"><strong> <span id=\"Kleinod\">Kleinod<\/span><\/strong><\/p>\n<p style=\"text-align: left;\" align=\"center\">Das Kleinod des Ordens besteht aus einem blau emaillierten und golden bordierten achtspitzigen Malteserkreuz, in dessen oberstem Balken in goldener Schrift ein gekr\u00f6ntes <tt>F<\/tt> (Friedrich II.) steht, w\u00e4hrend in den anderen dreien die Worte <tt> Pour<\/tt>, <tt> le M\u00e9<\/tt> und <tt> rite<\/tt> angebracht sind. In den vier Kreuzungswinkeln befinden sich goldene, gegenst\u00e4ndige ungekr\u00f6nte Adler. Die R\u00fcckseite des Kreuzes ist blau emailliert und glatt.<\/p>\n<p style=\"text-align: left;\" align=\"center\">Beim Gro\u00dfkreuz sind die Adler gekr\u00f6nt. Das Kreuz besitzt zus\u00e4tzlich ein goldenes Medaillon mit dem Bildnis Friedrichs des Gro\u00dfen.<\/p>\n<p style=\"text-align: left;\" align=\"center\"><strong> <span id=\"Stern_zum_Gro.C3.9Fkreuz\">Stern zum Gro\u00dfkreuz<\/span> <\/strong><\/p>\n<p style=\"text-align: left;\" align=\"center\">Der blassgoldene Stern zum Gro\u00dfkreuz ist ann\u00e4hernd rhombusf\u00f6rmig, in der Mitte befindet sich das Medaillon mit dem Bildnis Friedrichs des Gro\u00dfen. Der blau emaillierte Medaillonring zeigt den Namen des Ordens und zwei gr\u00fcn emaillierte Lorbeerzweige.<\/p>\n<p style=\"text-align: left;\" align=\"center\"><strong> <span id=\"Band\">Band<\/span><\/strong><\/p>\n<p style=\"text-align: left;\" align=\"center\">Das Band ist schwarz mit zwei silbernen Seitenstreifen und schwarzer Bordierung. Bei Verdiensten, die einer zweiten Verleihung entsprochen h\u00e4tten, wurde dem Band ein silberner Mittelstreifen hinzugef\u00fcgt.<\/p>\n<p>&nbsp;<\/p>\n","protected":false},"excerpt":{"rendered":"<p>Der Orden Pour le M\u00e9rite (dt. \u201eF\u00fcr das Verdienst\u201c) wurde von Friedrich dem Gro\u00dfen gestiftet und war neben dem Orden vom Schwarzen Adler die bedeutendste Auszeichnung, die in Preu\u00dfen vergeben werden konnte. Der Orden geht auf den 1667 gestifteten Ordre de la G\u00e9n\u00e9rosit\u00e9 zur\u00fcck. Den Pour le M\u00e9rite gab es in der milit\u00e4rischen Klasse bis &hellip; <\/p>\n<p class=\"link-more\"><a href=\"http:\/\/rokoko.net\/?page_id=116\" class=\"more-link\"><span class=\"screen-reader-text\">\u201ePour le M\u00e9rite\u201c <\/span>weiterlesen<\/a><\/p>\n","protected":false},"author":1,"featured_media":53,"parent":0,"menu_order":0,"comment_status":"closed","ping_status":"closed","template":"","meta":{"footnotes":""},"class_list":["post-116","page","type-page","status-publish","has-post-thumbnail","hentry"],"_links":{"self":[{"href":"http:\/\/rokoko.net\/index.php?rest_route=\/wp\/v2\/pages\/116","targetHints":{"allow":["GET"]}}],"collection":[{"href":"http:\/\/rokoko.net\/index.php?rest_route=\/wp\/v2\/pages"}],"about":[{"href":"http:\/\/rokoko.net\/index.php?rest_route=\/wp\/v2\/types\/page"}],"author":[{"embeddable":true,"href":"http:\/\/rokoko.net\/index.php?rest_route=\/wp\/v2\/users\/1"}],"replies":[{"embeddable":true,"href":"http:\/\/rokoko.net\/index.php?rest_route=%2Fwp%2Fv2%2Fcomments&post=116"}],"version-history":[{"count":4,"href":"http:\/\/rokoko.net\/index.php?rest_route=\/wp\/v2\/pages\/116\/revisions"}],"predecessor-version":[{"id":255,"href":"http:\/\/rokoko.net\/index.php?rest_route=\/wp\/v2\/pages\/116\/revisions\/255"}],"wp:featuredmedia":[{"embeddable":true,"href":"http:\/\/rokoko.net\/index.php?rest_route=\/wp\/v2\/media\/53"}],"wp:attachment":[{"href":"http:\/\/rokoko.net\/index.php?rest_route=%2Fwp%2Fv2%2Fmedia&parent=116"}],"curies":[{"name":"wp","href":"https:\/\/api.w.org\/{rel}","templated":true}]}}